{"id":1974,"date":"2021-07-22T18:23:33","date_gmt":"2021-07-22T16:23:33","guid":{"rendered":"https:\/\/www.cotodegomariz.com\/?page_id=1974"},"modified":"2021-07-26T02:12:30","modified_gmt":"2021-07-26T00:12:30","slug":"the-winery","status":"publish","type":"page","link":"https:\/\/www.cotodegomariz.com\/en\/the-winery\/","title":{"rendered":"The Winery"},"content":{"rendered":"<p>[vc_row][vc_column]<div class=\"sc_section section_style_underline aligncenter\"><div class=\"sc_section_inner\"><h6 class=\"sc_section_subtitle sc_item_subtitle\">COTO DE GOMARIZ<\/h6><h3 class=\"sc_section_title sc_item_title\">PRESENTATION<\/h3><div class=\"sc_section_content_wrap\"><\/div><\/div><\/div>[vc_row_inner][vc_column_inner width=&#8221;1\/2&#8243;][vc_column_text]Coto de Gomariz receives its name from the village where it\u2019s located: \u201cgomariz\u201d that comes from the word \u201cgomariza\u201d which translates to branches of the vines.<\/p>\n<p>It is the oldest wine producing area on the Iberian Peninsula; since the 10<sup>th<\/sup> Century(*) its been known as \u201cGolden Mile of the Ribeiro\u201d for the exceptional quality of the vineyards.<\/p>\n<p>The Carreiro family, from Barro de Gomariz since generations ago and always dedicated to the vineyards, is the owner of these lands.<\/p>\n<p>In the 80\u2019s the grape growing project was converted into winemaking, cultivating 32Ha of vines scattered around different parishes in the valley of the river Avia in the Ourense province (Galicia).[\/vc_column_text][\/vc_column_inner][vc_column_inner width=&#8221;1\/2&#8243;]<video class=\"sc_video\" src=\"https:\/\/www.youtube-nocookie.com\/embed\/jB7-Q_GublY\" width=\"100%\" height=\"\" data-width=\"100%\" data-height=\"\" data-ratio=\"16:9\" poster=\"https:\/\/www.cotodegomariz.com\/wp-content\/uploads\/2020\/10\/PANORAMA-2.jpg\" data-image=\"https:\/\/www.cotodegomariz.com\/wp-content\/uploads\/2020\/10\/PANORAMA-2.jpg\" style=\"width:100%;\" autoplay=\"autoplay\" controls=\"controls\" loop=\"loop\"><\/video>[\/vc_column_inner][\/vc_row_inner][vc_row_inner el_class=&#8221;margin_bottom_large&#8221;][vc_column_inner][vc_column_text]<\/p>\n<blockquote><p>Coto de Gomariz has led the way by proving that there is much more to Ribeiro than just the white wines, in fact there are very attractive and characterful reds too. The winery also has a distillery where they carry out investigations into liquors and distilled drinks, such as their Coffee Liqueur.<\/p><\/blockquote>\n<p>The wines seduce the best experts and new wine drinkers. Made with only Galician autochthonous varieties of grapes and following the concept of \u201cterroir\u201d; making the wines according to the microplots of vineyard to enhance the unique characteristics of each of them and respecting the ecological and even biodynamic philosophy of vineyard management.<\/p>\n<p>(<em>*) We use this historic fact as the slogan on our wine labels, translated into Galician: \u201cDende o S\u00e9culo X\u201d which means \u201csince the 10th Century\u201d.<\/em>[\/vc_column_text][\/vc_column_inner][\/vc_row_inner][\/vc_column][\/vc_row][vc_section full_width=&#8221;stretch_row&#8221; el_class=&#8221;section-dark&#8221;][vc_row][vc_column]<div class=\"sc_section section_style_underline aligncenter\"><div class=\"sc_section_inner\"><h6 class=\"sc_section_subtitle sc_item_subtitle\">OUR PHILOSOPHY<\/h6><h3 class=\"sc_section_title sc_item_title\">CONCEPT<\/h3><div class=\"sc_section_content_wrap\"><\/div><\/div><\/div><div id=\"sc_testimonials_2086519977\" class=\"sc_testimonials sc_testimonials_style_testimonials-2  testimonials-filosofia  aligncenter\" style=\"width:100%;\"><div class=\"sc_slider_swiper swiper-slider-container sc_slider_nopagination sc_slider_controls sc_slider_controls_side\" data-interval=\"8645\" data-slides-min-width=\"250\"><div class=\"slides swiper-wrapper\"><div class=\"swiper-slide\" data-style=\"width:100%;\" style=\"width:100%;\">\t\t\t<div id=\"sc_testimonials_2086519977_1\" class=\"sc_testimonial_item\">\n\t\t\t\t<div class=\"sc_testimonial_content\"><div class=\"sc_section sc_section_block \"><div class=\"sc_section_inner\"><div class=\"sc_section_content_wrap\">[vc_empty_space][vc_column_text]<\/p>\n<h5 class=\"mt-0\">A traditional, family winery that uses the grapes grown on their own land.<\/h5>\n<p>[\/vc_column_text][vc_empty_space]<\/div><\/div><\/div><\/div>\n\t\t\t\t\t\t\t<\/div>\n\t\t<\/div><div class=\"swiper-slide\" data-style=\"width:100%;\" style=\"width:100%;\">\t\t\t<div id=\"sc_testimonials_2086519977_2\" class=\"sc_testimonial_item\">\n\t\t\t\t<div class=\"sc_testimonial_content\"><div class=\"sc_section sc_section_block \"><div class=\"sc_section_inner\"><div class=\"sc_section_content_wrap\">[vc_empty_space][vc_column_text]<\/p>\n<h5 class=\"mt-0\">A vibrant oenological history. Benefactors of the medieval farms that created some of the most famous monasteries in Galicia and created the lands that today, still have the same names. Epicentre of the loyal wine of classic Ribeiro, exporting to Europe and the rest of the peninsula since the Middle Ages.<\/h5>\n<p>[\/vc_column_text][vc_empty_space]<\/div><\/div><\/div><\/div>\n\t\t\t\t\t\t\t<\/div>\n\t\t<\/div><div class=\"swiper-slide\" data-style=\"width:100%;\" style=\"width:100%;\">\t\t\t<div id=\"sc_testimonials_2086519977_3\" class=\"sc_testimonial_item\">\n\t\t\t\t<div class=\"sc_testimonial_content\"><div class=\"sc_section sc_section_block \"><div class=\"sc_section_inner\"><div class=\"sc_section_content_wrap\">[vc_empty_space][vc_column_text]<\/p>\n<h5 class=\"mt-0\">Praising the quality of the wines from the valley of Avia: pioneer in Spain for regulating the production and commercialisation of wine and also marking out a wine producing area, and in 1957 founding the Regulatory Council of the Ribeiro Appellation.<\/h5>\n<p>[\/vc_column_text][vc_empty_space]<\/div><\/div><\/div><\/div>\n\t\t\t\t\t\t\t<\/div>\n\t\t<\/div><div class=\"swiper-slide\" data-style=\"width:100%;\" style=\"width:100%;\">\t\t\t<div id=\"sc_testimonials_2086519977_4\" class=\"sc_testimonial_item\">\n\t\t\t\t<div class=\"sc_testimonial_content\"><div class=\"sc_section sc_section_block \"><div class=\"sc_section_inner\"><div class=\"sc_section_content_wrap\">[vc_empty_space][vc_column_text]<\/p>\n<h5 class=\"mt-0\">Using only autochthonous varieties, the ones that are really only adapted to the microclimate and the soils where they are grown.<\/h5>\n<p>[\/vc_column_text][vc_empty_space]<\/div><\/div><\/div><\/div>\n\t\t\t\t\t\t\t<\/div>\n\t\t<\/div><div class=\"swiper-slide\" data-style=\"width:100%;\" style=\"width:100%;\">\t\t\t<div id=\"sc_testimonials_2086519977_5\" class=\"sc_testimonial_item\">\n\t\t\t\t<div class=\"sc_testimonial_content\"><div class=\"sc_section sc_section_block \"><div class=\"sc_section_inner\"><div class=\"sc_section_content_wrap\">[vc_empty_space][vc_column_text]<\/p>\n<h5 class=\"mt-0\">Vine management very well-cared for from planting the vines, respecting to the maximum the bond between the plant and the soils as a common starting point for all the wines.<\/h5>\n<p>[\/vc_column_text][vc_empty_space]<\/div><\/div><\/div><\/div>\n\t\t\t\t\t\t\t<\/div>\n\t\t<\/div><div class=\"swiper-slide\" data-style=\"width:100%;\" style=\"width:100%;\">\t\t\t<div id=\"sc_testimonials_2086519977_6\" class=\"sc_testimonial_item\">\n\t\t\t\t<div class=\"sc_testimonial_content\"><div class=\"sc_section sc_section_block \"><div class=\"sc_section_inner\"><div class=\"sc_section_content_wrap\">[vc_empty_space][vc_column_text]<\/p>\n<h5 class=\"mt-0\">Tradition and new technologies go hand-hand respecting the identity of the wines and their processes.<\/h5>\n<p>[\/vc_column_text][vc_empty_space]<\/div><\/div><\/div><\/div>\n\t\t\t\t\t\t\t<\/div>\n\t\t<\/div><\/div><div class=\"sc_slider_controls_wrap\"><a class=\"sc_slider_prev\" href=\"#\"><\/a><a class=\"sc_slider_next\" href=\"#\"><\/a><\/div><div class=\"sc_slider_pagination_wrap\"><\/div><\/div><\/div>[\/vc_column][\/vc_row][\/vc_section][vc_row][vc_column]<div class=\"sc_section section_style_left\"><div class=\"sc_section_inner\"><h6 class=\"sc_section_subtitle sc_item_subtitle\">QUEEN BEES<\/h6><h3 class=\"sc_section_title sc_item_title\">WHO IS WHO AT GOMARIZ<\/h3><div class=\"sc_section_content_wrap\"><div id=\"sc_team_786549821_wrap\" class=\"sc_team_wrap\"><div id=\"sc_team_786549821\" class=\"sc_team sc_team_style_team-3  margin_top_large margin_bottom_large aligncenter\" style=\"width:100%;\"><div class=\"sc_columns columns_wrap\"><div class=\"column-1_3 column_padding_bottom\">\t\t\t<div id=\"sc_team_786549821_1\"\t\t\t\tclass=\"sc_team_item sc_team_item_1 odd first\"\n\t\t\t\t>\n\t\t\t\t<div class=\"sc_team_item_avatar\"><img class=\"wp-post-image\" width=\"540\" height=\"580\" alt=\"Ricardo Carreiro\" src=\"https:\/\/www.cotodegomariz.com\/wp-content\/uploads\/2016\/05\/gomariz_sesion_personas-174.jpg\">\t\t\t\t\t<div class=\"sc_team_item_hover\">\n\t\t\t\t\t\t<div class=\"sc_team_item_socials\"><\/div>\n\t\t\t\t\t<\/div>\n\t\t\t\t<\/div>\n\t\t\t\t<div class=\"sc_team_item_info\">\n                    \t\t\t\t\t<h5 class=\"sc_team_item_title\">Ricardo Carreiro<\/h5>\n\t\t\t\t\t<div class=\"sc_team_item_position\"><\/div>\n\t\t\t\t<\/div>\n\t\t\t<\/div>\n\t\t<\/div><div class=\"column-1_3 column_padding_bottom\">\t\t\t<div id=\"sc_team_786549821_2\"\t\t\t\tclass=\"sc_team_item sc_team_item_2 even\"\n\t\t\t\t>\n\t\t\t\t<div class=\"sc_team_item_avatar\"><img class=\"wp-post-image\" width=\"540\" height=\"580\" alt=\"Miguel Montoto\" src=\"https:\/\/www.cotodegomariz.com\/wp-content\/uploads\/2016\/05\/gomariz_sesion_personas-186.jpg\">\t\t\t\t\t<div class=\"sc_team_item_hover\">\n\t\t\t\t\t\t<div class=\"sc_team_item_socials\"><\/div>\n\t\t\t\t\t<\/div>\n\t\t\t\t<\/div>\n\t\t\t\t<div class=\"sc_team_item_info\">\n                    \t\t\t\t\t<h5 class=\"sc_team_item_title\">Miguel Montoto<\/h5>\n\t\t\t\t\t<div class=\"sc_team_item_position\"><\/div>\n\t\t\t\t<\/div>\n\t\t\t<\/div>\n\t\t<\/div><div class=\"column-1_3 column_padding_bottom\">\t\t\t<div id=\"sc_team_786549821_3\"\t\t\t\tclass=\"sc_team_item sc_team_item_3 odd\"\n\t\t\t\t>\n\t\t\t\t<div class=\"sc_team_item_avatar\"><img class=\"wp-post-image\" width=\"540\" height=\"580\" alt=\"Inma Pazos\" src=\"https:\/\/www.cotodegomariz.com\/wp-content\/uploads\/2016\/05\/gomariz_sesion_personas-151.jpg\">\t\t\t\t\t<div class=\"sc_team_item_hover\">\n\t\t\t\t\t\t<div class=\"sc_team_item_socials\"><\/div>\n\t\t\t\t\t<\/div>\n\t\t\t\t<\/div>\n\t\t\t\t<div class=\"sc_team_item_info\">\n                    \t\t\t\t\t<h5 class=\"sc_team_item_title\">Inma Pazos<\/h5>\n\t\t\t\t\t<div class=\"sc_team_item_position\"><\/div>\n\t\t\t\t<\/div>\n\t\t\t<\/div>\n\t\t<\/div><div class=\"column-1_3 column_padding_bottom\">\t\t\t<div id=\"sc_team_786549821_4\"\t\t\t\tclass=\"sc_team_item sc_team_item_4 even\"\n\t\t\t\t>\n\t\t\t\t<div class=\"sc_team_item_avatar\"><img class=\"wp-post-image\" width=\"540\" height=\"580\" alt=\"Gema Rodriguez\" src=\"https:\/\/www.cotodegomariz.com\/wp-content\/uploads\/2016\/05\/gomariz_sesion_personas-160.jpg\">\t\t\t\t\t<div class=\"sc_team_item_hover\">\n\t\t\t\t\t\t<div class=\"sc_team_item_socials\"><\/div>\n\t\t\t\t\t<\/div>\n\t\t\t\t<\/div>\n\t\t\t\t<div class=\"sc_team_item_info\">\n                    \t\t\t\t\t<h5 class=\"sc_team_item_title\">Gema Rodriguez<\/h5>\n\t\t\t\t\t<div class=\"sc_team_item_position\"><\/div>\n\t\t\t\t<\/div>\n\t\t\t<\/div>\n\t\t<\/div><div class=\"column-1_3 column_padding_bottom\">\t\t\t<div id=\"sc_team_786549821_5\"\t\t\t\tclass=\"sc_team_item sc_team_item_5 odd\"\n\t\t\t\t>\n\t\t\t\t<div class=\"sc_team_item_avatar\"><img class=\"wp-post-image\" width=\"540\" height=\"580\" alt=\"Javier Mea\u00f1o\" src=\"https:\/\/www.cotodegomariz.com\/wp-content\/uploads\/2016\/05\/gomariz_sesion_personas-194.jpg\">\t\t\t\t\t<div class=\"sc_team_item_hover\">\n\t\t\t\t\t\t<div class=\"sc_team_item_socials\"><\/div>\n\t\t\t\t\t<\/div>\n\t\t\t\t<\/div>\n\t\t\t\t<div class=\"sc_team_item_info\">\n                    \t\t\t\t\t<h5 class=\"sc_team_item_title\">Javier Mea\u00f1o<\/h5>\n\t\t\t\t\t<div class=\"sc_team_item_position\"><\/div>\n\t\t\t\t<\/div>\n\t\t\t<\/div>\n\t\t<\/div><\/div><\/div><!-- \/.sc_team --><\/div><!-- \/.sc_team_wrap --><\/div><\/div><\/div>[\/vc_column][\/vc_row][vc_section full_width=&#8221;stretch_row&#8221; el_class=&#8221;section-white&#8221;][vc_row inverse=&#8221;&#8221; el_class=&#8221;margin_bottom_large&#8221;][vc_column]<div class=\"sc_section section_style_left\"><div class=\"sc_section_inner\"><h6 class=\"sc_section_subtitle sc_item_subtitle\">THE WINERY IN THE NEWS<\/h6><h3 class=\"sc_section_title sc_item_title\">News<\/h3><div class=\"sc_section_content_wrap\">[vc_column_text]<\/p>\n<blockquote><p>The wines of this vineyard have received many awards and distinctions over the years.<\/p><\/blockquote>\n<p>We are <strong>the reference winery for the Ribeiro region<\/strong> when it comes to journalists writing about the region. We are well-known for our know-how and for quality in their articles.<\/p>\n<p>Below are some of the numerous publications where we have been mentioned:[\/vc_column_text]<\/div><\/div><\/div>[vc_tta_accordion style=&#8221;modern&#8221; shape=&#8221;square&#8221; active_section=&#8221;0&#8243; collapsible_all=&#8221;true&#8221;][vc_tta_section title=&#8221;BEST SCORING RIBEIRO IN THE BEST GUIDES AND INTERNATIONAL MAGAZINES YEAR AFTER YEAR&#8221; tab_id=&#8221;1603272146023-142a95ab-4f6b&#8221;][vc_column_text]<\/p>\n<ul>\n<li>Robert Parker\u00b4s Wine Advocate<\/li>\n<li>Vinous (Stephen Tanzer \u0301s International Wine Cellar)<\/li>\n<li>Jancis Robinson\u00b4s Purple Pages<\/li>\n<li>Decanter<\/li>\n<li>Wine &amp; Spirits Magazine<\/li>\n<li>Wine Spectator<\/li>\n<li>John Gilman. View From the Cellar<\/li>\n<li>James Suckling<\/li>\n<li>James Goode\u00b4s Wine Blog<\/li>\n<li>Adfundum Alemania<\/li>\n<li>Weinwirtschaft Alemania<\/li>\n<li>Perswijn Pa\u00edses Bajos<\/li>\n<li>Magazyn Wino. Polonia<\/li>\n<li>Dinamarca<\/li>\n<li>Wine Enthusiast. USA<\/li>\n<li>Brasil<\/li>\n<li>B\u00e9lgica<\/li>\n<li>Vinavisen Dinamarca<\/li>\n<li>Wilson on Wine. Irish Times. Irlanda.<\/li>\n<li>The Drink Business. UK<\/li>\n<\/ul>\n<p>[\/vc_column_text][\/vc_tta_section][vc_tta_section title=&#8221;NATIONAL MAGAZINES AND GUIDES&#8221; tab_id=&#8221;1603272146045-b6e885fc-c738&#8243;][vc_column_text]<\/p>\n<ul>\n<li>Gu\u00eda Pe\u00f1\u00edn<\/li>\n<li>365 Vinos al A\u00f1o de Vivir el Vino<\/li>\n<li>La Gu\u00eda de Vino Cotidiano<\/li>\n<li>Guia de La Semana Vitivin\u00edcola<\/li>\n<li>Guia de los Vinos y Destilados de Galicia<\/li>\n<li>Gu\u00eda Traveler. Cond\u00e9 Nast.<\/li>\n<li>Wine Up. E-Catas de Joaqu\u00edn Parra.<\/li>\n<li>Spanish Wine Lover.<\/li>\n<li>Epicur<\/li>\n<li>Mi Vino. Vinum.<\/li>\n<\/ul>\n<p>[\/vc_column_text][\/vc_tta_section][vc_tta_section title=&#8221;OTHER AWARDS AND RECOGNITIONS&#8221; tab_id=&#8221;1603272584790-c6f7c42b-b7d4&#8243;][vc_column_text]<\/p>\n<ul>\n<li>Medallas en Decanter World Wine Awards.<\/li>\n<li>Medallas Challenge Internacional Du Vin<\/li>\n<li>Mejores Vinos del Mundo en Wine &amp; Spirits Magazine.<\/li>\n<li>Regional Trophy en Decanter World Wine Awards.<\/li>\n<li>Medallas Mundus Vini.<\/li>\n<li>Mejor Blanco de Espa\u00f1a por elmundovino.com<\/li>\n<li>Vino blanco del a\u00f1o 2011 por la Gu\u00eda Gourmets en Espa\u00f1a.<\/li>\n<li>10 Mejores Vinos por debajo de 10 \u20ac en diversas ocasiones. Mileurismo Gourmet.<\/li>\n<li>Distinciones Gallaecia: Asociaci\u00f3n de Sumilleres de Galicia.<\/li>\n<li>Mejores Blancos de Espa\u00f1a en Revista Sobremesa.<\/li>\n<\/ul>\n<p>[\/vc_column_text][\/vc_tta_section][\/vc_tta_accordion][vc_column_text]The wines produced and sold by Coto de Gomariz are on some of the best wine menus in Michelin Star restaurants not only in Spain, but around the world too.<\/p>\n<p><strong>Follow us on social media where the list is constantly updated. <\/strong>[\/vc_column_text][\/vc_column][\/vc_row][\/vc_section]<\/p>\n","protected":false},"excerpt":{"rendered":"<p>[vc_row][vc_column][vc_row_inner][vc_column_inner width=&#8221;1\/2&#8243;][vc_column_text]Coto de Gomariz receives its name from the village where it\u2019s located: \u201cgomariz\u201d that comes from the word \u201cgomariza\u201d which translates to branches of the vines. It is the oldest wine producing area on the Iberian Peninsula; since the 10th Century(*) its been known as \u201cGolden Mile of the Ribeiro\u201d for the exceptional quality [&hellip;]<\/p>\n","protected":false},"author":990005,"featured_media":0,"parent":0,"menu_order":0,"comment_status":"closed","ping_status":"closed","template":"","meta":[],"acf":[],"aioseo_notices":[],"_links":{"self":[{"href":"https:\/\/www.cotodegomariz.com\/en\/wp-json\/wp\/v2\/pages\/1974\/"}],"collection":[{"href":"https:\/\/www.cotodegomariz.com\/en\/wp-json\/wp\/v2\/pages\/"}],"about":[{"href":"https:\/\/www.cotodegomariz.com\/en\/wp-json\/wp\/v2\/types\/page\/"}],"author":[{"embeddable":true,"href":"https:\/\/www.cotodegomariz.com\/en\/wp-json\/wp\/v2\/users\/990005\/"}],"replies":[{"embeddable":true,"href":"https:\/\/www.cotodegomariz.com\/en\/wp-json\/wp\/v2\/comments\/?post=1974"}],"version-history":[{"count":5,"href":"https:\/\/www.cotodegomariz.com\/en\/wp-json\/wp\/v2\/pages\/1974\/revisions\/"}],"predecessor-version":[{"id":2126,"href":"https:\/\/www.cotodegomariz.com\/en\/wp-json\/wp\/v2\/pages\/1974\/revisions\/2126\/"}],"wp:attachment":[{"href":"https:\/\/www.cotodegomariz.com\/en\/wp-json\/wp\/v2\/media\/?parent=1974"}],"curies":[{"name":"wp","href":"https:\/\/api.w.org\/{rel}","templated":true}]}}